{"id":453,"date":"2023-10-15T16:01:03","date_gmt":"2023-10-15T14:01:03","guid":{"rendered":"http:\/\/sandrineclark.be\/?page_id=453"},"modified":"2023-10-15T16:01:03","modified_gmt":"2023-10-15T14:01:03","slug":"contes-nus","status":"publish","type":"page","link":"https:\/\/sandrineclark.be\/index.php\/contes-nus\/","title":{"rendered":"Contes Nus"},"content":{"rendered":"\n<p class=\"has-text-align-center\">Th\u00e9\u00e2tre-Concert<\/p>\n\n\n\n<figure class=\"wp-block-image size-large is-style-rounded\"><img loading=\"lazy\" width=\"1024\" height=\"683\" src=\"http:\/\/sandrineclark.be\/wp-content\/uploads\/2023\/10\/ContesNus-Cre\u0301ditPhoto-Gae\u0308lMaleux-2-scaled-1-1024x683.jpg\" alt=\"\" class=\"wp-image-501\" srcset=\"https:\/\/sandrineclark.be\/wp-content\/uploads\/2023\/10\/ContesNus-Cre\u0301ditPhoto-Gae\u0308lMaleux-2-scaled-1-1024x683.jpg 1024w, https:\/\/sandrineclark.be\/wp-content\/uploads\/2023\/10\/ContesNus-Cre\u0301ditPhoto-Gae\u0308lMaleux-2-scaled-1-300x200.jpg 300w, https:\/\/sandrineclark.be\/wp-content\/uploads\/2023\/10\/ContesNus-Cre\u0301ditPhoto-Gae\u0308lMaleux-2-scaled-1-768x512.jpg 768w, https:\/\/sandrineclark.be\/wp-content\/uploads\/2023\/10\/ContesNus-Cre\u0301ditPhoto-Gae\u0308lMaleux-2-scaled-1-1536x1024.jpg 1536w, https:\/\/sandrineclark.be\/wp-content\/uploads\/2023\/10\/ContesNus-Cre\u0301ditPhoto-Gae\u0308lMaleux-2-scaled-1-2048x1366.jpg 2048w, https:\/\/sandrineclark.be\/wp-content\/uploads\/2023\/10\/ContesNus-Cre\u0301ditPhoto-Gae\u0308lMaleux-2-scaled-1-1200x800.jpg 1200w, https:\/\/sandrineclark.be\/wp-content\/uploads\/2023\/10\/ContesNus-Cre\u0301ditPhoto-Gae\u0308lMaleux-2-scaled-1-1980x1320.jpg 1980w\" sizes=\"(max-width: 1024px) 100vw, 1024px\" \/><\/figure>\n\n\n\n<figure class=\"wp-block-gallery columns-1 is-cropped\"><ul class=\"blocks-gallery-grid\"><li class=\"blocks-gallery-item\"><figure><img loading=\"lazy\" width=\"683\" height=\"1024\" src=\"http:\/\/sandrineclark.be\/wp-content\/uploads\/2023\/10\/ContesNus-Cre\u0301ditPhoto-Gae\u0308lMaleux-3-scaled-1-683x1024.jpg\" alt=\"\" data-id=\"503\" data-link=\"http:\/\/sandrineclark.be\/?attachment_id=503\" class=\"wp-image-503\" srcset=\"https:\/\/sandrineclark.be\/wp-content\/uploads\/2023\/10\/ContesNus-Cre\u0301ditPhoto-Gae\u0308lMaleux-3-scaled-1-683x1024.jpg 683w, https:\/\/sandrineclark.be\/wp-content\/uploads\/2023\/10\/ContesNus-Cre\u0301ditPhoto-Gae\u0308lMaleux-3-scaled-1-200x300.jpg 200w, https:\/\/sandrineclark.be\/wp-content\/uploads\/2023\/10\/ContesNus-Cre\u0301ditPhoto-Gae\u0308lMaleux-3-scaled-1-768x1152.jpg 768w, https:\/\/sandrineclark.be\/wp-content\/uploads\/2023\/10\/ContesNus-Cre\u0301ditPhoto-Gae\u0308lMaleux-3-scaled-1-1024x1536.jpg 1024w, https:\/\/sandrineclark.be\/wp-content\/uploads\/2023\/10\/ContesNus-Cre\u0301ditPhoto-Gae\u0308lMaleux-3-scaled-1-1366x2048.jpg 1366w, https:\/\/sandrineclark.be\/wp-content\/uploads\/2023\/10\/ContesNus-Cre\u0301ditPhoto-Gae\u0308lMaleux-3-scaled-1-1200x1800.jpg 1200w, https:\/\/sandrineclark.be\/wp-content\/uploads\/2023\/10\/ContesNus-Cre\u0301ditPhoto-Gae\u0308lMaleux-3-scaled-1.jpg 1707w\" sizes=\"(max-width: 683px) 100vw, 683px\" \/><\/figure><\/li><\/ul><\/figure>\n\n\n\n<p class=\"has-text-align-center has-text-color\" style=\"color:#02648e\"><strong>Cr\u00e9ation au Th\u00e9\u00e2tre des Martyrs en 2022<\/strong><\/p>\n\n\n\n<p class=\"has-text-align-right\"><em>Je me suis dit : \u00ab Je suis un contenu dans un contenant \u00bb. Du riz dans un pot. Et mon contenant, le pot, est le contenu d\u2019un autre contenant. Mon pot, est dans le frigo. Est-il possible d\u2019\u00eatre un contenu sans contenant ? Non. Mais alors..<\/em>.<\/p>\n\n\n\n<p class=\"has-text-align-right\">\u00ab\u00a0<em>Contes nus\u00a0\u00bb, c\u2019est un conte sans fard, pour du beurre, entrecoup\u00e9 de questions, de tentatives de r\u00e9ponses, de petits films qui t\u00e9moignent du temps qui passe, du vent qui souffle, des vagues qui ne ralentissent pas : en musique, en po\u00e8me, en mouvement, en vivant. C\u2019est une histoire d\u00e9brid\u00e9e, peut-\u00eatre celle du monde o\u00f9 nous barbotons, en chantant, en aimant, en cr\u00e9ant des yeux de cyclones, fuyant les faux semblants ou s\u2019en enveloppant le mieux qu\u2019il peut, se tenant au chaud dans le carnaval des mots.<br>On y parlera des \u00e9toiles, des orangs-outangs, des trous noirs et des vaches, d\u2019un opticien, de Marguerite et de la boue, de l\u2019illusion de la transparence et des autoroutes pour galaxies. Mais aussi des indiens, des cow-boys s\u2019ils avaient \u00e9t\u00e9 des babas au rhum, des pommes d\u2019arrosoirs qu\u2019il ne faut pas manger, et des histoires qu\u2019on se raconte, du riz, des contenants et des contenus, de la vitesse du monde et de nos cheveux qui ne bougent pas.<br>On y sera aussi en musique, en chantant sous les \u00e9toiles avec le petit Poucet, Zatopek, Gis\u00e8le, et une ballerine, sous une ombrelle, plant\u00e9e dans<\/em> un citron.<\/p>\n\n\n\n<p>Texte &amp; composition musicale : <strong>Olivier Thomas<\/strong><\/p>\n\n\n\n<p>Arrangements : <strong>TOMASSENKO <\/strong><\/p>\n\n\n\n<p>Interpr\u00e9tation : <strong>Catherine Delaunay<\/strong> (clarinettes, brols, chant, papotes), <strong>Louis Evrard<\/strong> (guitares, brols percussifs), <strong>Guillaume Roy<\/strong> (violon alto, chant), <strong>Olivier Thomas<\/strong> (raconteur, chant, grelots)&nbsp;<\/p>\n\n\n\n<p>Mise en sc\u00e8ne<strong> <\/strong>: <strong>V\u00e9ronique Dumont<\/strong><\/p>\n\n\n\n<p>Sc\u00e9nographie : <strong>Sandrine Clark<\/strong> <\/p>\n\n\n\n<p>Costumes : <strong>Odile Dubucq<\/strong><\/p>\n\n\n\n<p>Lumi\u00e8res :<strong> Vital Schraenen<\/strong> <\/p>\n\n\n\n<p>Images :<strong> Nicolas Marchant<\/strong> <\/p>\n\n\n\n<p>R\u00e9gie g\u00e9n\u00e9rale<strong> <\/strong>: <strong>Geoffroy de Hasque<\/strong> <\/p>\n","protected":false},"excerpt":{"rendered":"<p>Th\u00e9\u00e2tre-Concert Cr\u00e9ation au Th\u00e9\u00e2tre des Martyrs en 2022 Je me suis dit : \u00ab Je suis un contenu dans un contenant \u00bb. Du riz dans un pot. Et mon contenant, le pot, est le contenu d\u2019un autre contenant. Mon pot, est dans le frigo. Est-il possible d\u2019\u00eatre un contenu sans contenant ? Non. Mais alors&#8230; [&hellip;]<\/p>\n","protected":false},"author":1,"featured_media":0,"parent":0,"menu_order":0,"comment_status":"closed","ping_status":"closed","template":"","meta":{"_coblocks_attr":"","_coblocks_dimensions":"","_coblocks_responsive_height":"","_coblocks_accordion_ie_support":"","spay_email":""},"_links":{"self":[{"href":"https:\/\/sandrineclark.be\/index.php\/wp-json\/wp\/v2\/pages\/453"}],"collection":[{"href":"https:\/\/sandrineclark.be\/index.php\/wp-json\/wp\/v2\/pages"}],"about":[{"href":"https:\/\/sandrineclark.be\/index.php\/wp-json\/wp\/v2\/types\/page"}],"author":[{"embeddable":true,"href":"https:\/\/sandrineclark.be\/index.php\/wp-json\/wp\/v2\/users\/1"}],"replies":[{"embeddable":true,"href":"https:\/\/sandrineclark.be\/index.php\/wp-json\/wp\/v2\/comments?post=453"}],"version-history":[{"count":3,"href":"https:\/\/sandrineclark.be\/index.php\/wp-json\/wp\/v2\/pages\/453\/revisions"}],"predecessor-version":[{"id":506,"href":"https:\/\/sandrineclark.be\/index.php\/wp-json\/wp\/v2\/pages\/453\/revisions\/506"}],"wp:attachment":[{"href":"https:\/\/sandrineclark.be\/index.php\/wp-json\/wp\/v2\/media?parent=453"}],"curies":[{"name":"wp","href":"https:\/\/api.w.org\/{rel}","templated":true}]}}